{"id":2214,"date":"2020-01-30T14:28:11","date_gmt":"2020-01-30T14:28:11","guid":{"rendered":"https:\/\/www.inter-iberica.com\/destinations\/europa\/"},"modified":"2020-08-26T15:27:12","modified_gmt":"2020-08-26T15:27:12","slug":"europe","status":"publish","type":"page","link":"https:\/\/www.inter-iberica.com\/fr\/destinations\/europe\/","title":{"rendered":"Europe"},"content":{"rendered":"<div class=\"wpb-content-wrapper\"><p>[vc_row][vc_column width=&#8221;1\/2&#8243;][cms_heading subtitle_color=&#8221;#f2193c&#8221; text=&#8221;Inter-Iberica s\u00b4occupe de tous les envois actuels, les charges partielles et compl\u00e8tes \u00e0 travers l\u00b4Europe.&#8221; cms_template=&#8221;cms_heading&#8211;layout3.php&#8221;][\/vc_column][vc_column width=&#8221;1\/2&#8243;][cms_space space_lg=&#8221;40&#8243; space_md=&#8221;40&#8243; space_sm=&#8221;40&#8243; space_xs=&#8221;40&#8243;][vc_column_text]Inter-Iberica est sp\u00e9cialiste pour le transport en vrac. Inter-Iberica est capable de transporter presque tous les produits de n\u00b4importe quel endroit en Europe vers la destination que vous d\u00e9sirez, quel que soit le moyen de transport ou la combinaison de transport (transport a\u00e9rien, maritime, routier et ferroviaire) n\u00e9cessaire. Nous cherchons toujours \u00e0 vous trouver la meilleure des solutions posibles. Les chargements aussi bien partiels que complets, les tautliners, les transports de r\u00e9frig\u00e9rant et de cong\u00e9lation, les transports de machines et les approvisionnements de navire.[\/vc_column_text][\/vc_column][\/vc_row]<\/p>\n<\/div>","protected":false},"excerpt":{"rendered":"<p>[vc_row][vc_column width=&#8221;1\/2&#8243;][cms_heading subtitle_color=&#8221;#f2193c&#8221; text=&#8221;Inter-Iberica s\u00b4occupe de tous les envois actuels, les charges partielles et compl\u00e8tes \u00e0 travers l\u00b4Europe.&#8221; cms_template=&#8221;cms_heading&#8211;layout3.php&#8221;][\/vc_column][vc_column width=&#8221;1\/2&#8243;][cms_space space_lg=&#8221;40&#8243; space_md=&#8221;40&#8243; space_sm=&#8221;40&#8243; space_xs=&#8221;40&#8243;][vc_column_text]Inter-Iberica est sp\u00e9cialiste pour le transport en vrac. Inter-Iberica est capable de transporter presque tous les produits de n\u00b4importe quel endroit en Europe vers la destination que vous d\u00e9sirez, quel que soit [&hellip;]<\/p>\n","protected":false},"author":3,"featured_media":0,"parent":2197,"menu_order":0,"comment_status":"closed","ping_status":"closed","template":"","meta":{"footnotes":""},"class_list":["post-2214","page","type-page","status-publish","hentry"],"yoast_head":"<!-- This site is optimized with the Yoast SEO plugin v27.4 - https:\/\/yoast.com\/product\/yoast-seo-wordpress\/ -->\n<title>Europe - Inter Iberica<\/title>\n<meta name=\"robots\" content=\"index, follow, max-snippet:-1, max-image-preview:large, max-video-preview:-1\" \/>\n<link rel=\"canonical\" href=\"https:\/\/www.inter-iberica.com\/fr\/destinations\/europe\/\" \/>\n<meta property=\"og:locale\" content=\"fr_FR\" \/>\n<meta property=\"og:type\" content=\"article\" \/>\n<meta property=\"og:title\" content=\"Europe - Inter Iberica\" \/>\n<meta property=\"og:description\" content=\"[vc_row][vc_column width=&#8221;1\/2&#8243;][cms_heading subtitle_color=&#8221;#f2193c&#8221; text=&#8221;Inter-Iberica s\u00b4occupe de tous les envois actuels, les charges partielles et compl\u00e8tes \u00e0 travers l\u00b4Europe.&#8221; cms_template=&#8221;cms_heading&#8211;layout3.php&#8221;][\/vc_column][vc_column width=&#8221;1\/2&#8243;][cms_space space_lg=&#8221;40&#8243; space_md=&#8221;40&#8243; space_sm=&#8221;40&#8243; space_xs=&#8221;40&#8243;][vc_column_text]Inter-Iberica est sp\u00e9cialiste pour le transport en vrac. Inter-Iberica est capable de transporter presque tous les produits de n\u00b4importe quel endroit en Europe vers la destination que vous d\u00e9sirez, quel que soit [&hellip;]\" \/>\n<meta property=\"og:url\" content=\"https:\/\/www.inter-iberica.com\/fr\/destinations\/europe\/\" \/>\n<meta property=\"og:site_name\" content=\"Inter Iberica\" \/>\n<meta property=\"article:modified_time\" content=\"2020-08-26T15:27:12+00:00\" \/>\n<meta name=\"twitter:card\" content=\"summary_large_image\" \/>\n<meta name=\"twitter:label1\" content=\"Dur\u00e9e de lecture estim\u00e9e\" \/>\n\t<meta name=\"twitter:data1\" content=\"1 minute\" \/>\n<script type=\"application\/ld+json\" class=\"yoast-schema-graph\">{\"@context\":\"https:\\\/\\\/schema.org\",\"@graph\":[{\"@type\":\"WebPage\",\"@id\":\"https:\\\/\\\/www.inter-iberica.com\\\/fr\\\/destinations\\\/europe\\\/\",\"url\":\"https:\\\/\\\/www.inter-iberica.com\\\/fr\\\/destinations\\\/europe\\\/\",\"name\":\"Europe - Inter Iberica\",\"isPartOf\":{\"@id\":\"https:\\\/\\\/www.inter-iberica.com\\\/#website\"},\"datePublished\":\"2020-01-30T14:28:11+00:00\",\"dateModified\":\"2020-08-26T15:27:12+00:00\",\"breadcrumb\":{\"@id\":\"https:\\\/\\\/www.inter-iberica.com\\\/fr\\\/destinations\\\/europe\\\/#breadcrumb\"},\"inLanguage\":\"fr-FR\",\"potentialAction\":[{\"@type\":\"ReadAction\",\"target\":[\"https:\\\/\\\/www.inter-iberica.com\\\/fr\\\/destinations\\\/europe\\\/\"]}]},{\"@type\":\"BreadcrumbList\",\"@id\":\"https:\\\/\\\/www.inter-iberica.com\\\/fr\\\/destinations\\\/europe\\\/#breadcrumb\",\"itemListElement\":[{\"@type\":\"ListItem\",\"position\":1,\"name\":\"Home\",\"item\":\"https:\\\/\\\/www.inter-iberica.com\\\/fr\\\/\"},{\"@type\":\"ListItem\",\"position\":2,\"name\":\"Destinations\",\"item\":\"https:\\\/\\\/www.inter-iberica.com\\\/fr\\\/destinations\\\/\"},{\"@type\":\"ListItem\",\"position\":3,\"name\":\"Europe\"}]},{\"@type\":\"WebSite\",\"@id\":\"https:\\\/\\\/www.inter-iberica.com\\\/#website\",\"url\":\"https:\\\/\\\/www.inter-iberica.com\\\/\",\"name\":\"Inter Iberica\",\"description\":\"\",\"potentialAction\":[{\"@type\":\"SearchAction\",\"target\":{\"@type\":\"EntryPoint\",\"urlTemplate\":\"https:\\\/\\\/www.inter-iberica.com\\\/?s={search_term_string}\"},\"query-input\":{\"@type\":\"PropertyValueSpecification\",\"valueRequired\":true,\"valueName\":\"search_term_string\"}}],\"inLanguage\":\"fr-FR\"}]}<\/script>\n<!-- \/ Yoast SEO plugin. -->","yoast_head_json":{"title":"Europe - Inter Iberica","robots":{"index":"index","follow":"follow","max-snippet":"max-snippet:-1","max-image-preview":"max-image-preview:large","max-video-preview":"max-video-preview:-1"},"canonical":"https:\/\/www.inter-iberica.com\/fr\/destinations\/europe\/","og_locale":"fr_FR","og_type":"article","og_title":"Europe - Inter Iberica","og_description":"[vc_row][vc_column width=&#8221;1\/2&#8243;][cms_heading subtitle_color=&#8221;#f2193c&#8221; text=&#8221;Inter-Iberica s\u00b4occupe de tous les envois actuels, les charges partielles et compl\u00e8tes \u00e0 travers l\u00b4Europe.&#8221; cms_template=&#8221;cms_heading&#8211;layout3.php&#8221;][\/vc_column][vc_column width=&#8221;1\/2&#8243;][cms_space space_lg=&#8221;40&#8243; space_md=&#8221;40&#8243; space_sm=&#8221;40&#8243; space_xs=&#8221;40&#8243;][vc_column_text]Inter-Iberica est sp\u00e9cialiste pour le transport en vrac. Inter-Iberica est capable de transporter presque tous les produits de n\u00b4importe quel endroit en Europe vers la destination que vous d\u00e9sirez, quel que soit [&hellip;]","og_url":"https:\/\/www.inter-iberica.com\/fr\/destinations\/europe\/","og_site_name":"Inter Iberica","article_modified_time":"2020-08-26T15:27:12+00:00","twitter_card":"summary_large_image","twitter_misc":{"Dur\u00e9e de lecture estim\u00e9e":"1 minute"},"schema":{"@context":"https:\/\/schema.org","@graph":[{"@type":"WebPage","@id":"https:\/\/www.inter-iberica.com\/fr\/destinations\/europe\/","url":"https:\/\/www.inter-iberica.com\/fr\/destinations\/europe\/","name":"Europe - Inter Iberica","isPartOf":{"@id":"https:\/\/www.inter-iberica.com\/#website"},"datePublished":"2020-01-30T14:28:11+00:00","dateModified":"2020-08-26T15:27:12+00:00","breadcrumb":{"@id":"https:\/\/www.inter-iberica.com\/fr\/destinations\/europe\/#breadcrumb"},"inLanguage":"fr-FR","potentialAction":[{"@type":"ReadAction","target":["https:\/\/www.inter-iberica.com\/fr\/destinations\/europe\/"]}]},{"@type":"BreadcrumbList","@id":"https:\/\/www.inter-iberica.com\/fr\/destinations\/europe\/#breadcrumb","itemListElement":[{"@type":"ListItem","position":1,"name":"Home","item":"https:\/\/www.inter-iberica.com\/fr\/"},{"@type":"ListItem","position":2,"name":"Destinations","item":"https:\/\/www.inter-iberica.com\/fr\/destinations\/"},{"@type":"ListItem","position":3,"name":"Europe"}]},{"@type":"WebSite","@id":"https:\/\/www.inter-iberica.com\/#website","url":"https:\/\/www.inter-iberica.com\/","name":"Inter Iberica","description":"","potentialAction":[{"@type":"SearchAction","target":{"@type":"EntryPoint","urlTemplate":"https:\/\/www.inter-iberica.com\/?s={search_term_string}"},"query-input":{"@type":"PropertyValueSpecification","valueRequired":true,"valueName":"search_term_string"}}],"inLanguage":"fr-FR"}]}},"_links":{"self":[{"href":"https:\/\/www.inter-iberica.com\/fr\/wp-json\/wp\/v2\/pages\/2214","targetHints":{"allow":["GET"]}}],"collection":[{"href":"https:\/\/www.inter-iberica.com\/fr\/wp-json\/wp\/v2\/pages"}],"about":[{"href":"https:\/\/www.inter-iberica.com\/fr\/wp-json\/wp\/v2\/types\/page"}],"author":[{"embeddable":true,"href":"https:\/\/www.inter-iberica.com\/fr\/wp-json\/wp\/v2\/users\/3"}],"replies":[{"embeddable":true,"href":"https:\/\/www.inter-iberica.com\/fr\/wp-json\/wp\/v2\/comments?post=2214"}],"version-history":[{"count":3,"href":"https:\/\/www.inter-iberica.com\/fr\/wp-json\/wp\/v2\/pages\/2214\/revisions"}],"predecessor-version":[{"id":3259,"href":"https:\/\/www.inter-iberica.com\/fr\/wp-json\/wp\/v2\/pages\/2214\/revisions\/3259"}],"up":[{"embeddable":true,"href":"https:\/\/www.inter-iberica.com\/fr\/wp-json\/wp\/v2\/pages\/2197"}],"wp:attachment":[{"href":"https:\/\/www.inter-iberica.com\/fr\/wp-json\/wp\/v2\/media?parent=2214"}],"curies":[{"name":"wp","href":"https:\/\/api.w.org\/{rel}","templated":true}]}}