{"id":1886,"date":"2019-03-02T03:00:31","date_gmt":"2019-03-02T03:00:31","guid":{"rendered":"https:\/\/www.inter-iberica.com\/home-main\/"},"modified":"2021-03-12T10:16:16","modified_gmt":"2021-03-12T10:16:16","slug":"home-main","status":"publish","type":"page","link":"https:\/\/www.inter-iberica.com\/es\/","title":{"rendered":"Home"},"content":{"rendered":"<div class=\"wpb-content-wrapper\"><p>[vc_row full_width=&#8221;stretch_row&#8221;][vc_column][rev_slider_vc alias=&#8221;slider-home-en-12&#8243;][\/vc_column][\/vc_row][vc_row][vc_column][cms_space space_lg=&#8221;116&#8243; space_md=&#8221;90&#8243; space_sm=&#8221;90&#8243; space_xs=&#8221;90&#8243;][\/vc_column][\/vc_row][vc_row cms_row_overflow=&#8221;row-overflow-unset&#8221; css=&#8221;.vc_custom_1554718981365{margin-bottom: 52px !important;}&#8221;][vc_column width=&#8221;7\/12&#8243;][cms_heading text=&#8221;Inter-Iberica es una compa\u00f1\u00eda de transporte y de expedici\u00f3n internacional as\u00ed como una empresa prestataria de servicio totalmente log\u00edstica.&#8221; title_font_size=&#8221;35px&#8221; title_line_height=&#8221;57px&#8221; cms_template=&#8221;cms_heading.php&#8221; el_class=&#8221;close-spacing&#8221;][vc_row_inner css=&#8221;.vc_custom_1554718695319{margin-top: 50px !important;}&#8221;][vc_column_inner css=&#8221;.vc_custom_1555314845773{padding-left: 20px !important;}&#8221;][vc_column_text css=&#8221;.vc_custom_1587550698467{margin-bottom: 25px !important;}&#8221;]<\/p>\n<p style=\"color: #393939; font-size: 17px; font-weight: 500;\">Gracias a muchos a\u00f1os de experiencia, conocimientos, distribuci\u00f3n y transporte a granel internacional, Inter-Iberica puede administrar su flujo entero de mercanc\u00edas. Nuestros empleados profesionales se ocupar\u00e1n de todos vuestros pedidos con mucho cuidado.<\/p>\n<p>[\/vc_column_text][cms_button button_text=&#8221;Nuestra misi\u00f3n y visi\u00f3n&#8221; button_link=&#8221;url:%2Fcalidad%2Fmision-vision%2F%3Flang%3Des|title:Solicitar%20una%20cotizaci%C3%B3n||&#8221; padding_right=&#8221;20px&#8221; padding_left=&#8221;20px&#8221; margin_top=&#8221;34px&#8221;][\/vc_column_inner][\/vc_row_inner][\/vc_column][vc_column width=&#8221;5\/12&#8243;][vc_single_image image=&#8221;3563&#8243; img_size=&#8221;full&#8221; alignment=&#8221;right&#8221; css_animation=&#8221;none&#8221; style=&#8221;box-overlay-right&#8221; css=&#8221;.vc_custom_1601981201526{margin-top: 25px !important;margin-bottom: 0px !important;}&#8221; el_class=&#8221;cms-single-image-load&#8221;][cms_space space_lg=&#8221;11&#8243; space_md=&#8221;40&#8243; space_sm=&#8221;40&#8243; space_xs=&#8221;45&#8243;][\/vc_column][\/vc_row][vc_row][vc_column][cms_space space_lg=&#8221;42&#8243;][\/vc_column][\/vc_row][vc_row full_width=&#8221;stretch_row&#8221; css=&#8221;.vc_custom_1555647705266{background-image: url(https:\/\/demo.farost.net\/logisti\/wp-content\/uploads\/2019\/04\/counter_bgr.jpg?id=897) !important;background-position: center !important;background-repeat: no-repeat !important;background-size: cover !important;}&#8221;][vc_column][cms_space space_lg=&#8221;104&#8243; space_md=&#8221;40&#8243; space_sm=&#8221;40&#8243; space_xs=&#8221;40&#8243;][\/vc_column][vc_column width=&#8221;1\/2&#8243;][cms_space space_lg=&#8221;40&#8243; space_md=&#8221;40&#8243; space_sm=&#8221;40&#8243; space_xs=&#8221;40&#8243;][cms_heading subtitle=&#8221;Cualitativa y certificada&#8221; subtitle_font_size=&#8221;17px&#8221; subtitle_margin_bottom=&#8221;6px&#8221; subtitle_color=&#8221;#ffffff&#8221; text=&#8221;Una organizaci\u00f3n moderna que presta mucha atenci\u00f3n al servicio.&#8221; title_font_size=&#8221;43px&#8221; title_line_height=&#8221;58px&#8221; text_color=&#8221;#ffffff&#8221; cms_template=&#8221;cms_heading&#8211;layout3.php&#8221;][\/vc_column][vc_column width=&#8221;1\/2&#8243;][cms_space space_lg=&#8221;114&#8243; space_md=&#8221;114&#8243; space_sm=&#8221;20&#8243; space_xs=&#8221;20&#8243;][vc_row_inner el_class=&#8221;flex-mobile&#8221;][vc_column_inner width=&#8221;1\/3&#8243; css=&#8221;.vc_custom_1555637510868{margin-bottom: 30px !important;}&#8221;][\/vc_column_inner][vc_column_inner width=&#8221;1\/3&#8243; css=&#8221;.vc_custom_1555637543729{margin-bottom: 30px !important;}&#8221;][cms_counter icon_image=&#8221;1648&#8243; color_title=&#8221;#ffffff&#8221; color_digit=&#8221;#ffffff&#8221; grouping=&#8221;1&#8243; title=&#8221;IFS Food &#8211; Logistics&#8221; digit=&#8221;5154&#8243; suffix=&#8221;m&#8221; separator=&#8221;,&#8221; el_class=&#8221;text-center-lg&#8221;][\/vc_column_inner][vc_column_inner width=&#8221;1\/3&#8243;][cms_counter icon_image=&#8221;1648&#8243; color_title=&#8221;#ffffff&#8221; color_digit=&#8221;#ffffff&#8221; grouping=&#8221;1&#8243; title=&#8221;GMP+B4&#8243; digit=&#8221;8845&#8243; suffix=&#8221;m&#8221; separator=&#8221;,&#8221; el_class=&#8221;text-center-lg&#8221;][\/vc_column_inner][\/vc_row_inner][\/vc_column][vc_column][cms_space space_lg=&#8221;210&#8243; space_md=&#8221;55&#8243; space_sm=&#8221;55&#8243; space_xs=&#8221;55&#8243;][\/vc_column][\/vc_row][vc_row full_width=&#8221;stretch_row&#8221; cms_row_overflow=&#8221;row-overflow-unset&#8221; css=&#8221;.vc_custom_1555381628937{padding-bottom: 50px !important;background-color: #f9f9f9 !important;}&#8221;][vc_column css=&#8221;.vc_custom_1555639260762{margin-top: -116px !important;}&#8221; el_class=&#8221;negative-margin-responsive&#8221;][cms_contact_form_tab form_item=&#8221;%5B%7B%22icon%22%3A%221022%22%2C%22title%22%3A%22Solicite%20un%20presupuesto%20directamente%22%2C%22id%22%3A%222903%22%7D%5D&#8221; box_title=&#8221;Como podemos<br \/>\nayuda&#8221; box_description=&#8221;Inter-Iberica transporta todo tipo de mercanc\u00edas, independientemente de su tama\u00f1o y peso, a cualquier destino, de la manera m\u00e1s eficiente posible y con todos los modos de transporte comunes.&#8221; box_link=&#8221;url:%2Fcontacto%2F%3Flang%3Des|title:Cont%C3%A1ctanos||&#8221; box-title=&#8221;How Can<br \/>\nWe Help You!&#8221; box-description=&#8221;We understand the importance approaching each work integrally and believe in the power of simple and easy communication.&#8221;][\/vc_column][\/vc_row][vc_row full_width=&#8221;stretch_row&#8221; css=&#8221;.vc_custom_1555918074438{padding-top: 20px !important;padding-bottom: 43px !important;background-color: #f9f9f9 !important;}&#8221;][vc_column width=&#8221;1\/2&#8243;][cms_heading subtitle=&#8221;Paquete de servicio completo&#8221; subtitle_margin_bottom=&#8221;12px&#8221; subtitle_color=&#8221;#f92342&#8243; text=&#8221;Tenemos un muy completo<br \/>\npaquete de servicio para usted&#8221; title_line_height=&#8221;46px&#8221; cms_template=&#8221;cms_heading&#8211;layout3.php&#8221;][\/vc_column][vc_column width=&#8221;1\/2&#8243;][cms_space space_lg=&#8221;40&#8243; space_md=&#8221;40&#8243; space_sm=&#8221;0&#8243; space_xs=&#8221;0&#8243;][vc_column_text]Inter-Iberica transporta todo tipo de mercanc\u00edas, independientemente de su tama\u00f1o y peso, a cualquier destino, de la manera m\u00e1s eficiente posible y con todos los modos de transporte comunes.[\/vc_column_text][\/vc_column][\/vc_row][vc_row full_width=&#8221;stretch_row&#8221; css=&#8221;.vc_custom_1553937727764{background-color: #f9f9f9 !important;}&#8221;][vc_column][cms_services_grid limit=&#8221;3&#8243; pagination_type=&#8221;false&#8221; col_xs=&#8221;1&#8243; col_sm=&#8221;1&#8243; col_md=&#8221;2&#8243; col_lg=&#8221;3&#8243;][cms_button button_text=&#8221;Ver todos los servicios&#8221; button_link=&#8221;url:%2Fservicios%2F%3Flang%3Des|title:Solicitar%20una%20cotizaci%C3%B3n||&#8221; align_lg=&#8221;align-center&#8221; align_md=&#8221;align-center-md&#8221; align_sm=&#8221;align-center-sm&#8221; align_xs=&#8221;align-center-xs&#8221; padding_right=&#8221;20px&#8221; padding_left=&#8221;20px&#8221; margin_top=&#8221;34px&#8221;][cms_space space_lg=&#8221;110&#8243; space_md=&#8221;110&#8243; space_sm=&#8221;110&#8243; space_xs=&#8221;110&#8243;][\/vc_column][\/vc_row][vc_row full_width=&#8221;stretch_row&#8221; disable_element=&#8221;yes&#8221; css=&#8221;.vc_custom_1580315671317{margin-top: 43px !important;border-top-width: 1px !important;border-top-color: #eaeaea !important;border-top-style: solid !important;}&#8221;][vc_column css=&#8221;.vc_custom_1555035439178{padding-top: 5px !important;padding-bottom: 7px !important;}&#8221;][cms_partner_carousel partner_item=&#8221;%5B%7B%22image%22%3A%22467%22%2C%22link%22%3A%22url%3A%2523%7C%7C%7C%22%7D%2C%7B%22image%22%3A%22468%22%2C%22link%22%3A%22url%3A%2523%7C%7C%7C%22%7D%2C%7B%22image%22%3A%22469%22%2C%22link%22%3A%22url%3A%2523%7C%7C%7C%22%7D%2C%7B%22image%22%3A%22470%22%2C%22link%22%3A%22url%3A%2523%7C%7C%7C%22%7D%2C%7B%22image%22%3A%22471%22%2C%22link%22%3A%22url%3A%2523%7C%7C%7C%22%7D%2C%7B%22image%22%3A%22472%22%2C%22link%22%3A%22url%3A%2523%7C%7C%7C%22%7D%5D&#8221; col_xs=&#8221;1&#8243; col_sm=&#8221;3&#8243; col_md=&#8221;4&#8243; col_lg=&#8221;6&#8243;][\/vc_column][\/vc_row][vc_row full_width=&#8221;stretch_row&#8221; disable_element=&#8221;yes&#8221; cms_row_overflow=&#8221;row-overflow-unset&#8221; css=&#8221;.vc_custom_1580315679481{background-image: url(https:\/\/demo.farost.net\/logisti\/wp-content\/uploads\/2019\/04\/BG_case.jpg?id=1264) !important;background-position: center !important;background-repeat: no-repeat !important;background-size: cover !important;}&#8221;][vc_column css=&#8221;.vc_custom_1554104211341{margin-bottom: 30px !important;}&#8221;][cms_space space_lg=&#8221;90&#8243; space_md=&#8221;40&#8243; space_sm=&#8221;40&#8243; space_xs=&#8221;40&#8243;][cms_heading subtitle=&#8221;Latest Case Studies&#8221; subtitle_color=&#8221;#ffffff&#8221; text=&#8221;Featured Projects&#8221; text_color=&#8221;#ffffff&#8221; underline_color=&#8221;#ffffff&#8221; cms_template=&#8221;cms_heading&#8211;layout2.php&#8221;][\/vc_column][vc_column css=&#8221;.vc_custom_1558319230930{margin-bottom: -272px !important;}&#8221;][cms_case_studies_carousel cms_template=&#8221;cms_case_studies_carousel&#8211;layout3.php&#8221; custom_source=&#8221;true&#8221; filter=&#8221;true&#8221; filter_default_title=&#8221;All Works&#8221; filter_title_color=&#8221;#ffffff&#8221; filter_active_color=&#8221;#ffffff&#8221; col_xs=&#8221;1&#8243; col_sm=&#8221;2&#8243; col_md=&#8221;3&#8243; col_lg=&#8221;3&#8243; bullets=&#8221;true&#8221; source=&#8221;distribution|portfolio-category, warehousing|portfolio-category, optimization|portfolio-category, logistics|portfolio-category, analystics|portfolio-category&#8221;][\/vc_column][\/vc_row][vc_row full_width=&#8221;stretch_row&#8221; disable_element=&#8221;yes&#8221; css=&#8221;.vc_custom_1580315687667{background-image: url(https:\/\/demo.farost.net\/logisti\/wp-content\/uploads\/2019\/03\/testimonial_bg.jpg?id=374) !important;background-position: center !important;background-repeat: no-repeat !important;background-size: cover !important;}&#8221;][vc_column][cms_space space_lg=&#8221;295&#8243; space_md=&#8221;276&#8243; space_sm=&#8221;276&#8243; space_xs=&#8221;276&#8243;][cms_testimonial_carousel testimonial_item=&#8221;%5B%7B%22name%22%3A%22Sami%20Wade%22%2C%22position%22%3A%22WhiteMov%22%2C%22content%22%3A%22Logisti%20team%20is%20the%20best%20of%20the%20best%2C%20and%20expertly%20trained%20team%20members%20who%20take%20the%20extra%20step%20and%20go%20the%20extra%20mile%2C%20all%20to%20fulfill%20our%20dedicated%20promise%20to%20deliver%20innovative%20and%20dynamic%20solutions%20to%20our%20customers%20to%20fit%20the%20needs%20of%20a%20rapidly%20changing%20global%20environment.%22%2C%22image%22%3A%22252%22%7D%2C%7B%22name%22%3A%22John%20Peter%22%2C%22position%22%3A%22Mov%20Inc%22%2C%22content%22%3A%22Logisti%20team%20is%20the%20best%20of%20the%20best%2C%20and%20expertly%20trained%20team%20members%20who%20take%20the%20extra%20step%20and%20go%20the%20extra%20mile%2C%20all%20to%20fulfill%20our%20dedicated%20promise%20to%20deliver%20innovative%20and%20dynamic%20solutions%20to%20our%20customers%20to%20fit%20the%20needs%20of%20a%20rapidly%20changing%20global%20environment.%22%2C%22image%22%3A%22175%22%7D%2C%7B%22name%22%3A%22Martin%20Hope%22%2C%22position%22%3A%22ProMov%22%2C%22content%22%3A%22Logisti%20team%20is%20the%20best%20of%20the%20best%2C%20and%20expertly%20trained%20team%20members%20who%20take%20the%20extra%20step%20and%20go%20the%20extra%20mile%2C%20all%20to%20fulfill%20our%20dedicated%20promise%20to%20deliver%20innovative%20and%20dynamic%20solutions%20to%20our%20customers%20to%20fit%20the%20needs%20of%20a%20rapidly%20changing%20global%20environment.%22%2C%22image%22%3A%22253%22%7D%5D&#8221; title=&#8221;Client\u2019s Testimonials&#8221;][cms_space space_lg=&#8221;168&#8243; space_md=&#8221;168&#8243; space_sm=&#8221;168&#8243; space_xs=&#8221;168&#8243;][\/vc_column][\/vc_row][vc_row disable_element=&#8221;yes&#8221;][vc_column][cms_space space_lg=&#8221;90&#8243; space_md=&#8221;40&#8243; space_sm=&#8221;40&#8243; space_xs=&#8221;40&#8243;][cms_heading subtitle=&#8221;Insight and Trends&#8221; text=&#8221;Recent Articles&#8221; description=&#8221;Follow our latest news and thoughts which focuses exclusively on<br \/>\ninsight, industry trends, top news headlines.&#8221; cms_template=&#8221;cms_heading&#8211;layout2.php&#8221;][cms_space space_lg=&#8221;26&#8243; space_md=&#8221;26&#8243; space_sm=&#8221;26&#8243; space_xs=&#8221;26&#8243;][cms_blog_grid custom_source=&#8221;true&#8221; limit=&#8221;3&#8243; col_xs=&#8221;1&#8243; col_sm=&#8221;2&#8243; col_md=&#8221;2&#8243; col_lg=&#8221;3&#8243; post_ids=&#8221;153, 168, 172&#8243;][cms_space space_lg=&#8221;57&#8243; space_md=&#8221;57&#8243; space_sm=&#8221;57&#8243; space_xs=&#8221;57&#8243;][\/vc_column][\/vc_row][vc_row full_width=&#8221;stretch_row&#8221; cms_row_overflow=&#8221;row-overflow-unset&#8221; css=&#8221;.vc_custom_1554286104250{border-top-width: 1px !important;padding-top: 5px !important;border-top-color: #eaeaea !important;border-top-style: solid !important;}&#8221;][vc_column width=&#8221;5\/12&#8243; el_class=&#8221;z-index-high&#8221; css=&#8221;.vc_custom_1555907749661{padding-right: 55px !important;}&#8221; offset=&#8221;vc_col-md-4&#8243;][cms_contact_location cms_locations=&#8221;%5B%7B%22ctl_location%22%3A%22Inter-Iberica%20BV%22%2C%22ctl_phone%22%3A%220486-744016%22%2C%22ctl_email%22%3A%22info%40inter-iberica.com%22%2C%22ctl_address%22%3A%22Landweer%204%2C%20%205411%20LV%20Zeeland%20(N.BR.)%22%2C%22ctl_link%22%3A%22url%3A%2523%7Ctitle%3AContacts%7C%7C%22%7D%5D&#8221; col_xs=&#8221;1&#8243; col_sm=&#8221;2&#8243; col_md=&#8221;3&#8243; col_lg=&#8221;4&#8243; title=&#8221;As\u00ed es como puedes contactarnos&#8221;][\/vc_column][vc_column width=&#8221;1\/4&#8243;][cms_heading text=&#8221;Reciba noticias sobre<br \/>\ntransporte y log\u00edstica?&#8221; tag=&#8221;h3&#8243; title_font_size=&#8221;17px&#8221; title_line_height=&#8221;26px&#8221; font_weight=&#8221;600&#8243; text_color=&#8221;#222222&#8243; cms_template=&#8221;cms_heading.php&#8221; el_class=&#8221;text-right-lg&#8221;][\/vc_column][vc_column width=&#8221;1\/3&#8243; css=&#8221;.vc_custom_1555907765893{padding-top: 5px !important;}&#8221; offset=&#8221;vc_col-md-5&#8243;][cms_space space_lg=&#8221;30&#8243; space_md=&#8221;30&#8243;][cms_newsletter][cms_space space_md=&#8221;38&#8243;][\/vc_column][\/vc_row][vc_row full_width=&#8221;stretch_row_content_no_spaces&#8221;][vc_column css=&#8221;.vc_custom_1554285962130{padding-top: 0px !important;}&#8221;][cms_space space_sm=&#8221;60&#8243; space_xs=&#8221;60&#8243;][vc_raw_html]JTNDaWZyYW1lJTIwc3JjJTNEJTIyaHR0cHMlM0ElMkYlMkZ3d3cuZ29vZ2xlLmNvbSUyRm1hcHMlMkZlbWJlZCUzRnBiJTNEJTIxMW0xNCUyMTFtOCUyMTFtMyUyMTFkOTg4Mi4xMzIyNjY2MzA1OTMlMjEyZDUuNzgzMjk0MSUyMTNkNTEuNzQxNTc1MyUyMTNtMiUyMTFpMTAyNCUyMTJpNzY4JTIxNGYxMy4xJTIxM20zJTIxMW0yJTIxMXMweDAlMjUzQTB4ZWRjMTdmNDBmMzY4NGRjMiUyMTJzSW50ZXItSWJlcmljYSUyNTIwYnYlMjE1ZTAlMjEzbTIlMjExc25sJTIxMnNubCUyMTR2MTU5ODMwMzA4NzczMiUyMTVtMiUyMTFzbmwlMjEyc25sJTIyJTIwd2lkdGglM0QlMjIxMDAlMjUlMjIlMjBoZWlnaHQlM0QlMjI2MjAlMjIlMjBmcmFtZWJvcmRlciUzRCUyMjAlMjIlMjBzdHlsZSUzRCUyMmJvcmRlciUzQTAlM0IlMjIlMjBhbGxvd2Z1bGxzY3JlZW4lM0QlMjIlMjIlMjBhcmlhLWhpZGRlbiUzRCUyMmZhbHNlJTIyJTIwdGFiaW5kZXglM0QlMjIwJTIyJTNFJTNDJTJGaWZyYW1lJTNF[\/vc_raw_html][\/vc_column][\/vc_row]<\/p>\n<\/div>","protected":false},"excerpt":{"rendered":"<p>[vc_row full_width=&#8221;stretch_row&#8221;][vc_column][rev_slider_vc alias=&#8221;slider-home-en-12&#8243;][\/vc_column][\/vc_row][vc_row][vc_column][cms_space space_lg=&#8221;116&#8243; space_md=&#8221;90&#8243; space_sm=&#8221;90&#8243; space_xs=&#8221;90&#8243;][\/vc_column][\/vc_row][vc_row cms_row_overflow=&#8221;row-overflow-unset&#8221; css=&#8221;.vc_custom_1554718981365{margin-bottom: 52px !important;}&#8221;][vc_column width=&#8221;7\/12&#8243;][cms_heading text=&#8221;Inter-Iberica es una compa\u00f1\u00eda de transporte y de expedici\u00f3n internacional as\u00ed como una empresa prestataria de servicio totalmente log\u00edstica.&#8221; title_font_size=&#8221;35px&#8221; title_line_height=&#8221;57px&#8221; cms_template=&#8221;cms_heading.php&#8221; el_class=&#8221;close-spacing&#8221;][vc_row_inner css=&#8221;.vc_custom_1554718695319{margin-top: 50px !important;}&#8221;][vc_column_inner css=&#8221;.vc_custom_1555314845773{padding-left: 20px !important;}&#8221;][vc_column_text css=&#8221;.vc_custom_1587550698467{margin-bottom: 25px !important;}&#8221;] Gracias a muchos a\u00f1os de experiencia, conocimientos, distribuci\u00f3n y transporte a [&hellip;]<\/p>\n","protected":false},"author":3,"featured_media":0,"parent":0,"menu_order":0,"comment_status":"closed","ping_status":"closed","template":"","meta":{"footnotes":""},"class_list":["post-1886","page","type-page","status-publish","hentry"],"yoast_head":"<!-- This site is optimized with the Yoast SEO plugin v27.4 - https:\/\/yoast.com\/product\/yoast-seo-wordpress\/ -->\n<title>Compa\u00f1\u00eda de transporte y de expedici\u00f3n internacional - Inter Iberica<\/title>\n<meta name=\"robots\" content=\"index, follow, max-snippet:-1, max-image-preview:large, max-video-preview:-1\" \/>\n<link rel=\"canonical\" href=\"https:\/\/www.inter-iberica.com\/es\/\" \/>\n<meta property=\"og:locale\" content=\"es_ES\" \/>\n<meta property=\"og:type\" content=\"article\" \/>\n<meta property=\"og:title\" content=\"Compa\u00f1\u00eda de transporte y de expedici\u00f3n internacional - Inter Iberica\" \/>\n<meta property=\"og:description\" content=\"[vc_row full_width=&#8221;stretch_row&#8221;][vc_column][rev_slider_vc alias=&#8221;slider-home-en-12&#8243;][\/vc_column][\/vc_row][vc_row][vc_column][cms_space space_lg=&#8221;116&#8243; space_md=&#8221;90&#8243; space_sm=&#8221;90&#8243; space_xs=&#8221;90&#8243;][\/vc_column][\/vc_row][vc_row cms_row_overflow=&#8221;row-overflow-unset&#8221; css=&#8221;.vc_custom_1554718981365{margin-bottom: 52px !important;}&#8221;][vc_column width=&#8221;7\/12&#8243;][cms_heading text=&#8221;Inter-Iberica es una compa\u00f1\u00eda de transporte y de expedici\u00f3n internacional as\u00ed como una empresa prestataria de servicio totalmente log\u00edstica.&#8221; title_font_size=&#8221;35px&#8221; title_line_height=&#8221;57px&#8221; cms_template=&#8221;cms_heading.php&#8221; el_class=&#8221;close-spacing&#8221;][vc_row_inner css=&#8221;.vc_custom_1554718695319{margin-top: 50px !important;}&#8221;][vc_column_inner css=&#8221;.vc_custom_1555314845773{padding-left: 20px !important;}&#8221;][vc_column_text css=&#8221;.vc_custom_1587550698467{margin-bottom: 25px !important;}&#8221;] Gracias a muchos a\u00f1os de experiencia, conocimientos, distribuci\u00f3n y transporte a [&hellip;]\" \/>\n<meta property=\"og:url\" content=\"https:\/\/www.inter-iberica.com\/es\/\" \/>\n<meta property=\"og:site_name\" content=\"Inter Iberica\" \/>\n<meta property=\"article:modified_time\" content=\"2021-03-12T10:16:16+00:00\" \/>\n<meta name=\"twitter:card\" content=\"summary_large_image\" \/>\n<meta name=\"twitter:label1\" content=\"Tiempo de lectura\" \/>\n\t<meta name=\"twitter:data1\" content=\"3 minutos\" \/>\n<script type=\"application\/ld+json\" class=\"yoast-schema-graph\">{\"@context\":\"https:\\\/\\\/schema.org\",\"@graph\":[{\"@type\":\"WebPage\",\"@id\":\"https:\\\/\\\/www.inter-iberica.com\\\/es\\\/\",\"url\":\"https:\\\/\\\/www.inter-iberica.com\\\/es\\\/\",\"name\":\"Compa\u00f1\u00eda de transporte y de expedici\u00f3n internacional - Inter Iberica\",\"isPartOf\":{\"@id\":\"https:\\\/\\\/www.inter-iberica.com\\\/#website\"},\"datePublished\":\"2019-03-02T03:00:31+00:00\",\"dateModified\":\"2021-03-12T10:16:16+00:00\",\"breadcrumb\":{\"@id\":\"https:\\\/\\\/www.inter-iberica.com\\\/es\\\/#breadcrumb\"},\"inLanguage\":\"es\",\"potentialAction\":[{\"@type\":\"ReadAction\",\"target\":[\"https:\\\/\\\/www.inter-iberica.com\\\/es\\\/\"]}]},{\"@type\":\"BreadcrumbList\",\"@id\":\"https:\\\/\\\/www.inter-iberica.com\\\/es\\\/#breadcrumb\",\"itemListElement\":[{\"@type\":\"ListItem\",\"position\":1,\"name\":\"Home\",\"item\":\"https:\\\/\\\/www.inter-iberica.com\\\/es\\\/\"},{\"@type\":\"ListItem\",\"position\":2,\"name\":\"Home\"}]},{\"@type\":\"WebSite\",\"@id\":\"https:\\\/\\\/www.inter-iberica.com\\\/#website\",\"url\":\"https:\\\/\\\/www.inter-iberica.com\\\/\",\"name\":\"Inter Iberica\",\"description\":\"\",\"potentialAction\":[{\"@type\":\"SearchAction\",\"target\":{\"@type\":\"EntryPoint\",\"urlTemplate\":\"https:\\\/\\\/www.inter-iberica.com\\\/?s={search_term_string}\"},\"query-input\":{\"@type\":\"PropertyValueSpecification\",\"valueRequired\":true,\"valueName\":\"search_term_string\"}}],\"inLanguage\":\"es\"}]}<\/script>\n<!-- \/ Yoast SEO plugin. -->","yoast_head_json":{"title":"Compa\u00f1\u00eda de transporte y de expedici\u00f3n internacional - Inter Iberica","robots":{"index":"index","follow":"follow","max-snippet":"max-snippet:-1","max-image-preview":"max-image-preview:large","max-video-preview":"max-video-preview:-1"},"canonical":"https:\/\/www.inter-iberica.com\/es\/","og_locale":"es_ES","og_type":"article","og_title":"Compa\u00f1\u00eda de transporte y de expedici\u00f3n internacional - Inter Iberica","og_description":"[vc_row full_width=&#8221;stretch_row&#8221;][vc_column][rev_slider_vc alias=&#8221;slider-home-en-12&#8243;][\/vc_column][\/vc_row][vc_row][vc_column][cms_space space_lg=&#8221;116&#8243; space_md=&#8221;90&#8243; space_sm=&#8221;90&#8243; space_xs=&#8221;90&#8243;][\/vc_column][\/vc_row][vc_row cms_row_overflow=&#8221;row-overflow-unset&#8221; css=&#8221;.vc_custom_1554718981365{margin-bottom: 52px !important;}&#8221;][vc_column width=&#8221;7\/12&#8243;][cms_heading text=&#8221;Inter-Iberica es una compa\u00f1\u00eda de transporte y de expedici\u00f3n internacional as\u00ed como una empresa prestataria de servicio totalmente log\u00edstica.&#8221; title_font_size=&#8221;35px&#8221; title_line_height=&#8221;57px&#8221; cms_template=&#8221;cms_heading.php&#8221; el_class=&#8221;close-spacing&#8221;][vc_row_inner css=&#8221;.vc_custom_1554718695319{margin-top: 50px !important;}&#8221;][vc_column_inner css=&#8221;.vc_custom_1555314845773{padding-left: 20px !important;}&#8221;][vc_column_text css=&#8221;.vc_custom_1587550698467{margin-bottom: 25px !important;}&#8221;] Gracias a muchos a\u00f1os de experiencia, conocimientos, distribuci\u00f3n y transporte a [&hellip;]","og_url":"https:\/\/www.inter-iberica.com\/es\/","og_site_name":"Inter Iberica","article_modified_time":"2021-03-12T10:16:16+00:00","twitter_card":"summary_large_image","twitter_misc":{"Tiempo de lectura":"3 minutos"},"schema":{"@context":"https:\/\/schema.org","@graph":[{"@type":"WebPage","@id":"https:\/\/www.inter-iberica.com\/es\/","url":"https:\/\/www.inter-iberica.com\/es\/","name":"Compa\u00f1\u00eda de transporte y de expedici\u00f3n internacional - Inter Iberica","isPartOf":{"@id":"https:\/\/www.inter-iberica.com\/#website"},"datePublished":"2019-03-02T03:00:31+00:00","dateModified":"2021-03-12T10:16:16+00:00","breadcrumb":{"@id":"https:\/\/www.inter-iberica.com\/es\/#breadcrumb"},"inLanguage":"es","potentialAction":[{"@type":"ReadAction","target":["https:\/\/www.inter-iberica.com\/es\/"]}]},{"@type":"BreadcrumbList","@id":"https:\/\/www.inter-iberica.com\/es\/#breadcrumb","itemListElement":[{"@type":"ListItem","position":1,"name":"Home","item":"https:\/\/www.inter-iberica.com\/es\/"},{"@type":"ListItem","position":2,"name":"Home"}]},{"@type":"WebSite","@id":"https:\/\/www.inter-iberica.com\/#website","url":"https:\/\/www.inter-iberica.com\/","name":"Inter Iberica","description":"","potentialAction":[{"@type":"SearchAction","target":{"@type":"EntryPoint","urlTemplate":"https:\/\/www.inter-iberica.com\/?s={search_term_string}"},"query-input":{"@type":"PropertyValueSpecification","valueRequired":true,"valueName":"search_term_string"}}],"inLanguage":"es"}]}},"_links":{"self":[{"href":"https:\/\/www.inter-iberica.com\/es\/wp-json\/wp\/v2\/pages\/1886","targetHints":{"allow":["GET"]}}],"collection":[{"href":"https:\/\/www.inter-iberica.com\/es\/wp-json\/wp\/v2\/pages"}],"about":[{"href":"https:\/\/www.inter-iberica.com\/es\/wp-json\/wp\/v2\/types\/page"}],"author":[{"embeddable":true,"href":"https:\/\/www.inter-iberica.com\/es\/wp-json\/wp\/v2\/users\/3"}],"replies":[{"embeddable":true,"href":"https:\/\/www.inter-iberica.com\/es\/wp-json\/wp\/v2\/comments?post=1886"}],"version-history":[{"count":16,"href":"https:\/\/www.inter-iberica.com\/es\/wp-json\/wp\/v2\/pages\/1886\/revisions"}],"predecessor-version":[{"id":3646,"href":"https:\/\/www.inter-iberica.com\/es\/wp-json\/wp\/v2\/pages\/1886\/revisions\/3646"}],"wp:attachment":[{"href":"https:\/\/www.inter-iberica.com\/es\/wp-json\/wp\/v2\/media?parent=1886"}],"curies":[{"name":"wp","href":"https:\/\/api.w.org\/{rel}","templated":true}]}}