{"id":2322,"date":"2020-02-17T13:57:30","date_gmt":"2020-02-17T13:57:30","guid":{"rendered":"https:\/\/www.inter-iberica.com\/qualitaet\/missie-visie\/"},"modified":"2020-09-08T10:52:35","modified_gmt":"2020-09-08T10:52:35","slug":"mission-vision","status":"publish","type":"page","link":"https:\/\/www.inter-iberica.com\/de\/qualitaet\/mission-vision\/","title":{"rendered":"Mission &#038; Vision"},"content":{"rendered":"<div class=\"wpb-content-wrapper\"><p>[vc_row][vc_column][cms_space space_lg=&#8221;66&#8243; space_md=&#8221;66&#8243; space_sm=&#8221;66&#8243; space_xs=&#8221;66&#8243;][cms_heading text=&#8221;Mission &amp; Vision&#8221; title_font_size=&#8221;40px&#8221; title_line_height=&#8221;54px&#8221; cms_template=&#8221;cms_heading.php&#8221; el_class=&#8221;close-spacing&#8221; animation=&#8221;fadeInUp&#8221;][vc_column_text css_animation=&#8221;fadeInUp&#8221; css=&#8221;.vc_custom_1599224494995{margin-top: 20px !important;margin-bottom: 55px !important;}&#8221;]<span style=\"color: #000000;\"><strong>Wir sind der Meinung, dass der Kunde bei uns echt im Mittelpunkt steht.<\/strong>\u00a0Bei alle Entscheidungen die wir treffen, stehen die Interessen des Kunden im Vordergrund. Durch diese Vorgehensweise kombiniert mit unserer Expertise sind wir der zuverl\u00e4ssige Partner auf den Sie vertrauen k\u00f6nnen.<\/span><\/p>\n<p><span style=\"color: #000000;\">Durch unsere Leidenschaft f\u00fcr unsere Branche und dem stetigen Streben nach Perfektion sowie hohen Leistungen, entwickelt sich die Qualit\u00e4t unseres Services st\u00e4ndig auf einem hohen Niveau weiter. In ihren logistischen Fragen sehen wir M\u00f6glickeiten und Herausforderungen, die wir nicht aus dem Wege gehen.<\/span><\/p>\n<p><span style=\"color: #000000;\">Wir sind nich nur in unsere eigene Branche interessiert, sondern vertiefen uns auch in die Branche unserer Auftraggeber. Dadurch ist es f\u00fcr uns m\u00f6glich, unseren Service optimal auf die W\u00fcnsche des Kunden einzustellen.<\/span><\/p>\n<p><span style=\"color: #000000;\">Zusammenarbeit ist deswegen auch sehr wichtig f\u00fcr uns. Nicht nur mit unseren Auftraggebern, sondern auch mit allen beteiligten Parteien innerhalb unserer Transaktionen. Dieses l\u00e4sst sich nur mit pers\u00f6nlichem Kontakt realisieren, der uns deshalb auch \u00e4usserst wichtig ist.<\/span><\/p>\n<p><span style=\"color: #000000;\"><strong>Durch all diese Faktoren sind wir in der Lage die Sorgen des Kunden v\u00f6llig zu \u00fcbernehmen, wobei wir als einziger Ansprechpartner alle logistischen Aktivit\u00e4ten\u00a0regeln k\u00f6nnen.<\/strong><\/span>[\/vc_column_text][cms_button button_text=&#8221;Kontakt&#8221; button_icon=&#8221;true&#8221; button_link=&#8221;url:%2Fkontakt%2F%3Flang%3Dde|title:Contact||&#8221; padding_right=&#8221;26px&#8221; padding_left=&#8221;26px&#8221; margin_top=&#8221;42px&#8221; animation=&#8221;fadeInUp&#8221;][vc_empty_space][\/vc_column][\/vc_row]<\/p>\n<\/div>","protected":false},"excerpt":{"rendered":"<p>[vc_row][vc_column][cms_space space_lg=&#8221;66&#8243; space_md=&#8221;66&#8243; space_sm=&#8221;66&#8243; space_xs=&#8221;66&#8243;][cms_heading text=&#8221;Mission &amp; Vision&#8221; title_font_size=&#8221;40px&#8221; title_line_height=&#8221;54px&#8221; cms_template=&#8221;cms_heading.php&#8221; el_class=&#8221;close-spacing&#8221; animation=&#8221;fadeInUp&#8221;][vc_column_text css_animation=&#8221;fadeInUp&#8221; css=&#8221;.vc_custom_1599224494995{margin-top: 20px !important;margin-bottom: 55px !important;}&#8221;]Wir sind der Meinung, dass der Kunde bei uns echt im Mittelpunkt steht.\u00a0Bei alle Entscheidungen die wir treffen, stehen die Interessen des Kunden im Vordergrund. Durch diese Vorgehensweise kombiniert mit unserer Expertise sind wir der zuverl\u00e4ssige Partner [&hellip;]<\/p>\n","protected":false},"author":3,"featured_media":0,"parent":2294,"menu_order":0,"comment_status":"closed","ping_status":"closed","template":"","meta":{"footnotes":""},"class_list":["post-2322","page","type-page","status-publish","hentry"],"yoast_head":"<!-- This site is optimized with the Yoast SEO plugin v27.4 - https:\/\/yoast.com\/product\/yoast-seo-wordpress\/ -->\n<title>Mission &amp; Vision - Inter Iberica<\/title>\n<meta name=\"robots\" content=\"index, follow, max-snippet:-1, max-image-preview:large, max-video-preview:-1\" \/>\n<link rel=\"canonical\" href=\"https:\/\/www.inter-iberica.com\/de\/qualitaet\/mission-vision\/\" \/>\n<meta property=\"og:locale\" content=\"de_DE\" \/>\n<meta property=\"og:type\" content=\"article\" \/>\n<meta property=\"og:title\" content=\"Mission &amp; Vision - Inter Iberica\" \/>\n<meta property=\"og:description\" content=\"[vc_row][vc_column][cms_space space_lg=&#8221;66&#8243; space_md=&#8221;66&#8243; space_sm=&#8221;66&#8243; space_xs=&#8221;66&#8243;][cms_heading text=&#8221;Mission &amp; Vision&#8221; title_font_size=&#8221;40px&#8221; title_line_height=&#8221;54px&#8221; cms_template=&#8221;cms_heading.php&#8221; el_class=&#8221;close-spacing&#8221; animation=&#8221;fadeInUp&#8221;][vc_column_text css_animation=&#8221;fadeInUp&#8221; css=&#8221;.vc_custom_1599224494995{margin-top: 20px !important;margin-bottom: 55px !important;}&#8221;]Wir sind der Meinung, dass der Kunde bei uns echt im Mittelpunkt steht.\u00a0Bei alle Entscheidungen die wir treffen, stehen die Interessen des Kunden im Vordergrund. Durch diese Vorgehensweise kombiniert mit unserer Expertise sind wir der zuverl\u00e4ssige Partner [&hellip;]\" \/>\n<meta property=\"og:url\" content=\"https:\/\/www.inter-iberica.com\/de\/qualitaet\/mission-vision\/\" \/>\n<meta property=\"og:site_name\" content=\"Inter Iberica\" \/>\n<meta property=\"article:modified_time\" content=\"2020-09-08T10:52:35+00:00\" \/>\n<meta name=\"twitter:card\" content=\"summary_large_image\" \/>\n<meta name=\"twitter:label1\" content=\"Est. reading time\" \/>\n\t<meta name=\"twitter:data1\" content=\"1 minute\" \/>\n<script type=\"application\/ld+json\" class=\"yoast-schema-graph\">{\"@context\":\"https:\\\/\\\/schema.org\",\"@graph\":[{\"@type\":\"WebPage\",\"@id\":\"https:\\\/\\\/www.inter-iberica.com\\\/de\\\/qualitaet\\\/mission-vision\\\/\",\"url\":\"https:\\\/\\\/www.inter-iberica.com\\\/de\\\/qualitaet\\\/mission-vision\\\/\",\"name\":\"Mission & Vision - Inter Iberica\",\"isPartOf\":{\"@id\":\"https:\\\/\\\/www.inter-iberica.com\\\/#website\"},\"datePublished\":\"2020-02-17T13:57:30+00:00\",\"dateModified\":\"2020-09-08T10:52:35+00:00\",\"breadcrumb\":{\"@id\":\"https:\\\/\\\/www.inter-iberica.com\\\/de\\\/qualitaet\\\/mission-vision\\\/#breadcrumb\"},\"inLanguage\":\"de-DE\",\"potentialAction\":[{\"@type\":\"ReadAction\",\"target\":[\"https:\\\/\\\/www.inter-iberica.com\\\/de\\\/qualitaet\\\/mission-vision\\\/\"]}]},{\"@type\":\"BreadcrumbList\",\"@id\":\"https:\\\/\\\/www.inter-iberica.com\\\/de\\\/qualitaet\\\/mission-vision\\\/#breadcrumb\",\"itemListElement\":[{\"@type\":\"ListItem\",\"position\":1,\"name\":\"Home\",\"item\":\"https:\\\/\\\/www.inter-iberica.com\\\/de\\\/\"},{\"@type\":\"ListItem\",\"position\":2,\"name\":\"Qualitaet\",\"item\":\"https:\\\/\\\/www.inter-iberica.com\\\/de\\\/qualitaet\\\/\"},{\"@type\":\"ListItem\",\"position\":3,\"name\":\"Mission &#038; Vision\"}]},{\"@type\":\"WebSite\",\"@id\":\"https:\\\/\\\/www.inter-iberica.com\\\/#website\",\"url\":\"https:\\\/\\\/www.inter-iberica.com\\\/\",\"name\":\"Inter Iberica\",\"description\":\"\",\"potentialAction\":[{\"@type\":\"SearchAction\",\"target\":{\"@type\":\"EntryPoint\",\"urlTemplate\":\"https:\\\/\\\/www.inter-iberica.com\\\/?s={search_term_string}\"},\"query-input\":{\"@type\":\"PropertyValueSpecification\",\"valueRequired\":true,\"valueName\":\"search_term_string\"}}],\"inLanguage\":\"de-DE\"}]}<\/script>\n<!-- \/ Yoast SEO plugin. -->","yoast_head_json":{"title":"Mission & Vision - Inter Iberica","robots":{"index":"index","follow":"follow","max-snippet":"max-snippet:-1","max-image-preview":"max-image-preview:large","max-video-preview":"max-video-preview:-1"},"canonical":"https:\/\/www.inter-iberica.com\/de\/qualitaet\/mission-vision\/","og_locale":"de_DE","og_type":"article","og_title":"Mission & Vision - Inter Iberica","og_description":"[vc_row][vc_column][cms_space space_lg=&#8221;66&#8243; space_md=&#8221;66&#8243; space_sm=&#8221;66&#8243; space_xs=&#8221;66&#8243;][cms_heading text=&#8221;Mission &amp; Vision&#8221; title_font_size=&#8221;40px&#8221; title_line_height=&#8221;54px&#8221; cms_template=&#8221;cms_heading.php&#8221; el_class=&#8221;close-spacing&#8221; animation=&#8221;fadeInUp&#8221;][vc_column_text css_animation=&#8221;fadeInUp&#8221; css=&#8221;.vc_custom_1599224494995{margin-top: 20px !important;margin-bottom: 55px !important;}&#8221;]Wir sind der Meinung, dass der Kunde bei uns echt im Mittelpunkt steht.\u00a0Bei alle Entscheidungen die wir treffen, stehen die Interessen des Kunden im Vordergrund. Durch diese Vorgehensweise kombiniert mit unserer Expertise sind wir der zuverl\u00e4ssige Partner [&hellip;]","og_url":"https:\/\/www.inter-iberica.com\/de\/qualitaet\/mission-vision\/","og_site_name":"Inter Iberica","article_modified_time":"2020-09-08T10:52:35+00:00","twitter_card":"summary_large_image","twitter_misc":{"Est. reading time":"1 minute"},"schema":{"@context":"https:\/\/schema.org","@graph":[{"@type":"WebPage","@id":"https:\/\/www.inter-iberica.com\/de\/qualitaet\/mission-vision\/","url":"https:\/\/www.inter-iberica.com\/de\/qualitaet\/mission-vision\/","name":"Mission & Vision - Inter Iberica","isPartOf":{"@id":"https:\/\/www.inter-iberica.com\/#website"},"datePublished":"2020-02-17T13:57:30+00:00","dateModified":"2020-09-08T10:52:35+00:00","breadcrumb":{"@id":"https:\/\/www.inter-iberica.com\/de\/qualitaet\/mission-vision\/#breadcrumb"},"inLanguage":"de-DE","potentialAction":[{"@type":"ReadAction","target":["https:\/\/www.inter-iberica.com\/de\/qualitaet\/mission-vision\/"]}]},{"@type":"BreadcrumbList","@id":"https:\/\/www.inter-iberica.com\/de\/qualitaet\/mission-vision\/#breadcrumb","itemListElement":[{"@type":"ListItem","position":1,"name":"Home","item":"https:\/\/www.inter-iberica.com\/de\/"},{"@type":"ListItem","position":2,"name":"Qualitaet","item":"https:\/\/www.inter-iberica.com\/de\/qualitaet\/"},{"@type":"ListItem","position":3,"name":"Mission &#038; Vision"}]},{"@type":"WebSite","@id":"https:\/\/www.inter-iberica.com\/#website","url":"https:\/\/www.inter-iberica.com\/","name":"Inter Iberica","description":"","potentialAction":[{"@type":"SearchAction","target":{"@type":"EntryPoint","urlTemplate":"https:\/\/www.inter-iberica.com\/?s={search_term_string}"},"query-input":{"@type":"PropertyValueSpecification","valueRequired":true,"valueName":"search_term_string"}}],"inLanguage":"de-DE"}]}},"_links":{"self":[{"href":"https:\/\/www.inter-iberica.com\/de\/wp-json\/wp\/v2\/pages\/2322","targetHints":{"allow":["GET"]}}],"collection":[{"href":"https:\/\/www.inter-iberica.com\/de\/wp-json\/wp\/v2\/pages"}],"about":[{"href":"https:\/\/www.inter-iberica.com\/de\/wp-json\/wp\/v2\/types\/page"}],"author":[{"embeddable":true,"href":"https:\/\/www.inter-iberica.com\/de\/wp-json\/wp\/v2\/users\/3"}],"replies":[{"embeddable":true,"href":"https:\/\/www.inter-iberica.com\/de\/wp-json\/wp\/v2\/comments?post=2322"}],"version-history":[{"count":8,"href":"https:\/\/www.inter-iberica.com\/de\/wp-json\/wp\/v2\/pages\/2322\/revisions"}],"predecessor-version":[{"id":3474,"href":"https:\/\/www.inter-iberica.com\/de\/wp-json\/wp\/v2\/pages\/2322\/revisions\/3474"}],"up":[{"embeddable":true,"href":"https:\/\/www.inter-iberica.com\/de\/wp-json\/wp\/v2\/pages\/2294"}],"wp:attachment":[{"href":"https:\/\/www.inter-iberica.com\/de\/wp-json\/wp\/v2\/media?parent=2322"}],"curies":[{"name":"wp","href":"https:\/\/api.w.org\/{rel}","templated":true}]}}